{"id":4206,"date":"2025-01-03T20:39:08","date_gmt":"2025-01-03T18:39:08","guid":{"rendered":"https:\/\/mmminterior.hu\/?post_type=product&#038;p=4206"},"modified":"2025-01-03T20:41:15","modified_gmt":"2025-01-03T18:41:15","slug":"bmw-e39-m-sedan","status":"publish","type":"product","link":"https:\/\/mmminterior.hu\/en\/referenciak\/bmw-e39-m-sedan\/","title":{"rendered":"BMW E39 M Sedan"},"content":{"rendered":"<div class=\"xdj266r x11i5rnm xat24cr x1mh8g0r x1vvkbs x126k92a\">\n<div dir=\"auto\"><span class=\"html-span xexx8yu x4uap5 x18d9i69 xkhd6sd x1hl2dhg x16tdsg8 x1vvkbs x3nfvp2 x1j61x8r x1fcty0u xdj266r xat24cr xgzva0m xhhsvwb xxymvpz xlup9mm x1kky2od\"><img decoding=\"async\" class=\"xz74otr lazyload\" data-src=\"https:\/\/static.xx.fbcdn.net\/images\/emoji.php\/v9\/tfe\/1\/16\/1f7e4.png\" alt=\"\ud83d\udfe4\" width=\"16\" height=\"16\" src=\"data:image\/gif;base64,R0lGODlhAQABAAAAACH5BAEKAAEALAAAAAABAAEAAAICTAEAOw==\" style=\"--smush-placeholder-width: 16px; --smush-placeholder-aspect-ratio: 16\/16;\" \/><noscript><img decoding=\"async\" class=\"xz74otr lazyload\" data-src=\"https:\/\/static.xx.fbcdn.net\/images\/emoji.php\/v9\/tfe\/1\/16\/1f7e4.png\" alt=\"\ud83d\udfe4\" width=\"16\" height=\"16\" src=\"data:image\/gif;base64,R0lGODlhAQABAAAAACH5BAEKAAEALAAAAAABAAEAAAICTAEAOw==\" style=\"--smush-placeholder-width: 16px; --smush-placeholder-aspect-ratio: 16\/16;\" \/><noscript><img decoding=\"async\" class=\"xz74otr\" src=\"https:\/\/static.xx.fbcdn.net\/images\/emoji.php\/v9\/tfe\/1\/16\/1f7e4.png\" alt=\"\ud83d\udfe4\" width=\"16\" height=\"16\" \/><\/noscript><\/noscript><\/span> BMW E39 sedan <span class=\"html-span xexx8yu x4uap5 x18d9i69 xkhd6sd x1hl2dhg x16tdsg8 x1vvkbs x3nfvp2 x1j61x8r x1fcty0u xdj266r xat24cr xgzva0m xhhsvwb xxymvpz xlup9mm x1kky2od\"><img decoding=\"async\" class=\"xz74otr lazyload\" data-src=\"https:\/\/static.xx.fbcdn.net\/images\/emoji.php\/v9\/tfe\/1\/16\/1f7e4.png\" alt=\"\ud83d\udfe4\" width=\"16\" height=\"16\" src=\"data:image\/gif;base64,R0lGODlhAQABAAAAACH5BAEKAAEALAAAAAABAAEAAAICTAEAOw==\" style=\"--smush-placeholder-width: 16px; --smush-placeholder-aspect-ratio: 16\/16;\" \/><noscript><img decoding=\"async\" class=\"xz74otr lazyload\" data-src=\"https:\/\/static.xx.fbcdn.net\/images\/emoji.php\/v9\/tfe\/1\/16\/1f7e4.png\" alt=\"\ud83d\udfe4\" width=\"16\" height=\"16\" src=\"data:image\/gif;base64,R0lGODlhAQABAAAAACH5BAEKAAEALAAAAAABAAEAAAICTAEAOw==\" style=\"--smush-placeholder-width: 16px; --smush-placeholder-aspect-ratio: 16\/16;\" \/><noscript><img decoding=\"async\" class=\"xz74otr\" src=\"https:\/\/static.xx.fbcdn.net\/images\/emoji.php\/v9\/tfe\/1\/16\/1f7e4.png\" alt=\"\ud83d\udfe4\" width=\"16\" height=\"16\" \/><\/noscript><\/noscript><\/span><\/div>\n<\/div>\n<div class=\"x11i5rnm xat24cr x1mh8g0r x1vvkbs xtlvy1s x126k92a\">\n<div dir=\"auto\"><\/div>\n<\/div>\n<div class=\"x11i5rnm xat24cr x1mh8g0r x1vvkbs xtlvy1s x126k92a\">\n<div dir=\"auto\">D\u00e1vid h\u00f3napokkal ezel\u0151tt keresett meg minket, egy teljesen \u00faj utasteret \u00e1lmodott meg, de nem a &#8220;hagyom\u00e1nyos&#8221; fah\u00e9j sz\u00ednben \u00e9s nem alap \u00fcl\u00e9sekkel. P\u00e1r egyeztet\u00e9s ut\u00e1n a BMW Havanna nappab\u0151r\u00e9re esett a v\u00e1laszt\u00e1s, s\u00f6t\u00e9tbarna sz\u00ednben.<\/div>\n<\/div>\n<div class=\"x11i5rnm xat24cr x1mh8g0r x1vvkbs xtlvy1s x126k92a\">\n<div dir=\"auto\">Az \u00f6t\u00f6s m\u00e1r egy el\u00e9g alapos m\u0171szaki fel\u00faj\u00edt\u00e1son volt t\u00fal, k\u00fcls\u0151leg megt\u00e1mogatva 19-\u00e9s BBS t\u00f6bbr\u00e9szes felnikkel, \u00edgy m\u00e1r csak a teljes utast\u00e9rfel\u00faj\u00edt\u00e1s volt h\u00e1tra, hogy teljes legyen az \u00f6sszk\u00e9p.<\/div>\n<\/div>\n<div class=\"x11i5rnm xat24cr x1mh8g0r x1vvkbs xtlvy1s x126k92a\">\n<div dir=\"auto\">A comfort \u00fcl\u00e9sek \u00e9s a b\u0151v\u00edtett b\u0151r\u00f6z\u00e9s\u0171 m\u0171szerfal, k\u00f6z\u00e9pkonzol eg\u00e9szen \u00faj st\u00edlusba helyezt\u00e9k a bajort, mely kifejezetten j\u00f3l \u00e1ll neki, ak\u00e1rmelyik szemsz\u00f6gb\u0151l is n\u00e9zz\u00fck <span class=\"html-span xexx8yu x4uap5 x18d9i69 xkhd6sd x1hl2dhg x16tdsg8 x1vvkbs x3nfvp2 x1j61x8r x1fcty0u xdj266r xat24cr xgzva0m xhhsvwb xxymvpz xlup9mm x1kky2od\"><img decoding=\"async\" class=\"xz74otr lazyload\" data-src=\"https:\/\/static.xx.fbcdn.net\/images\/emoji.php\/v9\/tcd\/1\/16\/1f643.png\" alt=\"\ud83d\ude43\" width=\"16\" height=\"16\" src=\"data:image\/gif;base64,R0lGODlhAQABAAAAACH5BAEKAAEALAAAAAABAAEAAAICTAEAOw==\" style=\"--smush-placeholder-width: 16px; --smush-placeholder-aspect-ratio: 16\/16;\" \/><noscript><img decoding=\"async\" class=\"xz74otr\" src=\"https:\/\/static.xx.fbcdn.net\/images\/emoji.php\/v9\/tcd\/1\/16\/1f643.png\" alt=\"\ud83d\ude43\" width=\"16\" height=\"16\" \/><\/noscript><\/span><span class=\"html-span xexx8yu x4uap5 x18d9i69 xkhd6sd x1hl2dhg x16tdsg8 x1vvkbs x3nfvp2 x1j61x8r x1fcty0u xdj266r xat24cr xgzva0m xhhsvwb xxymvpz xlup9mm x1kky2od\"><img decoding=\"async\" class=\"xz74otr lazyload\" data-src=\"https:\/\/static.xx.fbcdn.net\/images\/emoji.php\/v9\/tb7\/1\/16\/1f917.png\" alt=\"\ud83e\udd17\" width=\"16\" height=\"16\" src=\"data:image\/gif;base64,R0lGODlhAQABAAAAACH5BAEKAAEALAAAAAABAAEAAAICTAEAOw==\" style=\"--smush-placeholder-width: 16px; --smush-placeholder-aspect-ratio: 16\/16;\" \/><noscript><img decoding=\"async\" class=\"xz74otr\" src=\"https:\/\/static.xx.fbcdn.net\/images\/emoji.php\/v9\/tb7\/1\/16\/1f917.png\" alt=\"\ud83e\udd17\" width=\"16\" height=\"16\" \/><\/noscript><\/span>.<\/div>\n<\/div>\n<div class=\"x11i5rnm xat24cr x1mh8g0r x1vvkbs xtlvy1s x126k92a\">\n<div dir=\"auto\">D\u00e1vid ismerten nagy rajong\u00f3ja az 5-\u00f6s sz\u00e9ri\u00e1nak (p\u00e1r \u00edzl\u00e9sesebb darab m\u00e1r ker\u00fclt ki a kezei k\u00f6z\u00fcl), ezzel a koncepci\u00f3val ism\u00e9telten siker\u00fclt egyedit alkotni!<\/div>\n<\/div>\n<div class=\"x11i5rnm xat24cr x1mh8g0r x1vvkbs xtlvy1s x126k92a\">\n<div dir=\"auto\">\u00d6r\u00fcl\u00fcnk hogy r\u00e9szt vehett\u00fcnk a megalkot\u00e1s\u00e1ban!<\/div>\n<\/div>\n","protected":false},"excerpt":{"rendered":"<p>BMW E39 sedan D\u00e1vid h\u00f3napokkal ezel\u0151tt keresett meg minket, egy teljesen \u00faj utasteret \u00e1lmodott meg, de nem a &#8220;hagyom\u00e1nyos&#8221; fah\u00e9j sz\u00ednben \u00e9s nem alap \u00fcl\u00e9sekkel. P\u00e1r egyeztet\u00e9s ut\u00e1n a BMW Havanna nappab\u0151r\u00e9re esett a v\u00e1laszt\u00e1s, s\u00f6t\u00e9tbarna sz\u00ednben. Az \u00f6t\u00f6s m\u00e1r egy el\u00e9g alapos m\u0171szaki fel\u00faj\u00edt\u00e1son volt t\u00fal, k\u00fcls\u0151leg megt\u00e1mogatva 19-\u00e9s BBS t\u00f6bbr\u00e9szes felnikkel, \u00edgy m\u00e1r [&hellip;]<\/p>\n","protected":false},"featured_media":4213,"comment_status":"open","ping_status":"closed","template":"","meta":{"_acf_changed":false,"_monsterinsights_skip_tracking":false,"_monsterinsights_sitenote_active":false,"_monsterinsights_sitenote_note":"","_monsterinsights_sitenote_category":0},"marka":[],"product_cat":[39],"product_tag":[],"class_list":{"0":"post-4206","1":"product","2":"type-product","3":"status-publish","4":"has-post-thumbnail","6":"product_cat-egyeb","8":"first","9":"instock","10":"shipping-taxable","11":"product-type-simple"},"acf":[],"_links":{"self":[{"href":"https:\/\/mmminterior.hu\/en\/wp-json\/wp\/v2\/product\/4206","targetHints":{"allow":["GET"]}}],"collection":[{"href":"https:\/\/mmminterior.hu\/en\/wp-json\/wp\/v2\/product"}],"about":[{"href":"https:\/\/mmminterior.hu\/en\/wp-json\/wp\/v2\/types\/product"}],"replies":[{"embeddable":true,"href":"https:\/\/mmminterior.hu\/en\/wp-json\/wp\/v2\/comments?post=4206"}],"wp:featuredmedia":[{"embeddable":true,"href":"https:\/\/mmminterior.hu\/en\/wp-json\/wp\/v2\/media\/4213"}],"wp:attachment":[{"href":"https:\/\/mmminterior.hu\/en\/wp-json\/wp\/v2\/media?parent=4206"}],"wp:term":[{"taxonomy":"marka","embeddable":true,"href":"https:\/\/mmminterior.hu\/en\/wp-json\/wp\/v2\/marka?post=4206"},{"taxonomy":"product_cat","embeddable":true,"href":"https:\/\/mmminterior.hu\/en\/wp-json\/wp\/v2\/product_cat?post=4206"},{"taxonomy":"product_tag","embeddable":true,"href":"https:\/\/mmminterior.hu\/en\/wp-json\/wp\/v2\/product_tag?post=4206"}],"curies":[{"name":"wp","href":"https:\/\/api.w.org\/{rel}","templated":true}]}}